{"id":4736,"date":"2022-11-23T15:00:22","date_gmt":"2022-11-23T15:00:22","guid":{"rendered":"https:\/\/www.studionegativo.com\/demo\/petite-commune\/?page_id=4736"},"modified":"2025-07-15T12:02:52","modified_gmt":"2025-07-15T12:02:52","slug":"les-projets","status":"publish","type":"page","link":"https:\/\/www.studionegativo.com\/demo\/petite-commune\/mon-cadre-de-vie\/les-projets\/","title":{"rendered":"Les projets"},"content":{"rendered":"\n<h1 class=\"wp-block-heading\">Les projets<\/h1>\n\n\n\n<h3 class=\"wp-block-heading\">Nouvelle ann\u00e9e et nouveaux projets !<\/h3>\n\n\n\n<hr class=\"wp-block-separator has-alpha-channel-opacity\" style=\"margin-top:50px;margin-bottom:50px\"\/>\n\n\n\n<blockquote class=\"wp-block-quote is-layout-flow wp-block-quote-is-layout-flow\">\n<p>Quels travaux \u00e0 \u2026\u2026\u2026 au cours du mois d\u2019octobre ? Le point sur ce qui a \u00e9t\u00e9 fait et sur les op\u00e9rations programm\u00e9es d\u00e9but novembre.<\/p>\n<\/blockquote>\n\n\n\n<h2 class=\"wp-block-heading\"><strong>Coup de neuf \u00e0 l\u2019\u00e9cole du Rempart<\/strong><\/h2>\n\n\n\n<p>Les vacances scolaires sont le moment id\u00e9al pour r\u00e9aliser des travaux dans les \u00e9tablissements scolaires municipaux.&nbsp;Pendant la Toussaint, l\u2019\u00e9cole du Rempart a ainsi fait l\u2019objet d\u2019un rafra\u00eechissement. Les sanitaires des maternelles ont \u00e9t\u00e9 refaits \u00e0 neuf, le toit de l\u2019\u00e9cole primaire a \u00e9t\u00e9 d\u00e9mouss\u00e9 et la descente de ch\u00e9neaux r\u00e9nov\u00e9e. Idem pour le pignon de l\u2019\u00e9cole : l\u2019enduit a \u00e9t\u00e9 enti\u00e8rement refait pour s\u00e9curiser la cour de r\u00e9cr\u00e9ation.&nbsp;Montant des travaux : 38 500 euros avec des subventions \u00e0 hauteur de 67% du D\u00e9partement et de l\u2019Etat.<\/p>\n\n\n\n<h2 class=\"wp-block-heading\"><strong>Salle de karat\u00e9 : une nouvelle chaudi\u00e8re<\/strong><\/h2>\n\n\n\n<p>La chaudi\u00e8re de la salle de karat\u00e9 devenue v\u00e9tuste a \u00e9t\u00e9 chang\u00e9e pour un co\u00fbt de 5 000 euros HT.&nbsp;Cette op\u00e9ration a \u00e9t\u00e9 financ\u00e9e par le D\u00e9partement dans le cadre de Village C\u00f4te-d\u2019Or \u00e0 hauteur de 80%.<\/p>\n\n\n\n<h2 class=\"wp-block-heading\"><strong>Voirie : r\u00e9fection de la rue du 8 mai<\/strong><\/h2>\n\n\n\n<p>La partie haute de la rue du 8 mai a enti\u00e8rement \u00e9t\u00e9 refaite durant les vacances scolaires. Cette op\u00e9ration a n\u00e9cessit\u00e9 le reprofilage de la rue puis l\u2019application d\u2019un enrob\u00e9.&nbsp;Les travaux, d\u2019un co\u00fbt de 28 700 euros HT, ont \u00e9t\u00e9 financ\u00e9s par le D\u00e9partement \u00e0 hauteur de 30%.<\/p>\n\n\n\n<div style=\"height:100px\" aria-hidden=\"true\" class=\"wp-block-spacer\"><\/div>\n\n\n\n<div style=\"height:0px;width:72px\" aria-hidden=\"true\" class=\"wp-block-spacer\"><\/div>\n","protected":false},"excerpt":{"rendered":"<p>Les projets Nouvelle ann\u00e9e et nouveaux projets ! Quels travaux \u00e0 \u2026\u2026\u2026 au cours du mois d\u2019octobre ? Le point sur ce qui a \u00e9t\u00e9 fait et sur les op\u00e9rations programm\u00e9es d\u00e9but novembre. Coup de neuf \u00e0 l\u2019\u00e9cole du Rempart Les vacances scolaires sont le moment id\u00e9al pour r\u00e9aliser des travaux dans les \u00e9tablissements scolaires [&hellip;]<\/p>\n","protected":false},"author":1,"featured_media":0,"parent":4712,"menu_order":3,"comment_status":"closed","ping_status":"closed","template":"","meta":{"footnotes":""},"class_list":["post-4736","page","type-page","status-publish","hentry"],"_links":{"self":[{"href":"https:\/\/www.studionegativo.com\/demo\/petite-commune\/wp-json\/wp\/v2\/pages\/4736","targetHints":{"allow":["GET"]}}],"collection":[{"href":"https:\/\/www.studionegativo.com\/demo\/petite-commune\/wp-json\/wp\/v2\/pages"}],"about":[{"href":"https:\/\/www.studionegativo.com\/demo\/petite-commune\/wp-json\/wp\/v2\/types\/page"}],"author":[{"embeddable":true,"href":"https:\/\/www.studionegativo.com\/demo\/petite-commune\/wp-json\/wp\/v2\/users\/1"}],"replies":[{"embeddable":true,"href":"https:\/\/www.studionegativo.com\/demo\/petite-commune\/wp-json\/wp\/v2\/comments?post=4736"}],"version-history":[{"count":2,"href":"https:\/\/www.studionegativo.com\/demo\/petite-commune\/wp-json\/wp\/v2\/pages\/4736\/revisions"}],"predecessor-version":[{"id":4738,"href":"https:\/\/www.studionegativo.com\/demo\/petite-commune\/wp-json\/wp\/v2\/pages\/4736\/revisions\/4738"}],"up":[{"embeddable":true,"href":"https:\/\/www.studionegativo.com\/demo\/petite-commune\/wp-json\/wp\/v2\/pages\/4712"}],"wp:attachment":[{"href":"https:\/\/www.studionegativo.com\/demo\/petite-commune\/wp-json\/wp\/v2\/media?parent=4736"}],"curies":[{"name":"wp","href":"https:\/\/api.w.org\/{rel}","templated":true}]}}